{"id":27211,"date":"2024-05-30T15:26:55","date_gmt":"2024-05-30T13:26:55","guid":{"rendered":"https:\/\/www.perla.al\/?post_type=estate&#038;p=27211"},"modified":"2024-05-30T15:26:55","modified_gmt":"2024-05-30T13:26:55","slug":"jepet-me-qira-apartament-21-plus-verande-bill-klinton","status":"publish","type":"estate","link":"https:\/\/www.perla.al\/al\/properties\/apartment\/tirane\/kodra-e-diellit\/jepet-me-qira-apartament-21-plus-verande-bill-klinton\/","title":{"rendered":"Jepet me qira apartament 2+1 plus verande, Bill Klinton"},"content":{"rendered":"<p>Jepet me qira apartament 2+1 tek rruga Bill Klinton ,Kodra e Diellit.<br \/>\nI pozicionuar n\u00eb katin e 4 n\u00eb nj\u00eb pallat me ashensor, apartamenti organizohet n\u00eb ambientin e ndenjes, n\u00eb ambientin e gatimit , n\u00eb 2 dhoma gjumi ,n\u00eb 1 tualet si dhe ka nj\u00eb verand\u00eb t\u00eb bollshme. Ka nj\u00eb planimetri mjaft t\u00eb rregullt dhe materiale shum\u00eb cil\u00ebsore n\u00eb nd\u00ebrtim. Ndodhet n\u00eb nj\u00eb lagje tep\u00ebr t\u00eb frekuentuar ,familjare, plot gjelb\u00ebrim dhe ka nj\u00eb lokacion t\u00eb favorsh\u00ebm .<br \/>\nSip\u00ebrfaqja 98 m2<br \/>\nCmimi 430 euro<br \/>\nP\u00ebr nj\u00eb vizit\u00eb n\u00eb pron\u00eb na kontaktoni!<\/p>\n","protected":false},"author":15,"featured_media":27210,"template":"","class_list":["post-27211","estate","type-estate","status-publish","has-post-thumbnail","hentry","property-type-apartment","offer-type-for-rent","neighborhood-kodra-e-diellit","city-tirane","street-kodra-e-dielit","klient-160-dhurata"],"translation":{"provider":"WPGlobus","version":"2.12.2","language":"al","enabled_languages":["en","al"],"languages":{"en":{"title":true,"content":true,"excerpt":false},"al":{"title":false,"content":false,"excerpt":false}}},"_links":{"self":[{"href":"https:\/\/www.perla.al\/al\/wp-json\/wp\/v2\/estate\/27211"}],"collection":[{"href":"https:\/\/www.perla.al\/al\/wp-json\/wp\/v2\/estate"}],"about":[{"href":"https:\/\/www.perla.al\/al\/wp-json\/wp\/v2\/types\/estate"}],"author":[{"embeddable":true,"href":"https:\/\/www.perla.al\/al\/wp-json\/wp\/v2\/users\/15"}],"wp:featuredmedia":[{"embeddable":true,"href":"https:\/\/www.perla.al\/al\/wp-json\/wp\/v2\/media\/27210"}],"wp:attachment":[{"href":"https:\/\/www.perla.al\/al\/wp-json\/wp\/v2\/media?parent=27211"}],"curies":[{"name":"wp","href":"https:\/\/api.w.org\/{rel}","templated":true}]}}